{"id":290205,"date":"2022-12-15T22:19:54","date_gmt":"2022-12-15T20:19:54","guid":{"rendered":"https:\/\/test.dev.sumena.ee\/?page_id=27952"},"modified":"2025-12-21T15:58:59","modified_gmt":"2025-12-21T12:58:59","slug":"tookohad-2","status":"publish","type":"page","link":"https:\/\/vbd.dev.sumena.ee\/lv\/tookohad-2\/","title":{"rendered":"Darba vietas"},"content":{"rendered":"<p class=\"has-text-align-left\">Vai esi pilns ener\u0123ijas? V\u0113lies att\u012bst\u012bties?<\/p>\n\n\n\n<p class=\"has-text-align-left\">N\u0101c pievienoties Sumena komandai un pal\u012bdz\u0113sim samazin\u0101t p\u0101rtikas atkritumus Latvij\u0101 un Igaunij\u0101!<\/p>\n\n\n\n<p class=\"has-text-align-left\">Ko m\u0113s pied\u0101v\u0101jam?<\/p>\n\n\n\n<p class=\"has-text-align-left\">Pieredz\u0113jus\u012b komanda, kas Tev atbalst\u012bs katr\u0101 sol\u012b, elast\u012bgs darba laiks, pl\u0101na organiz\u0101cija un motiv\u0113jo\u0161s atalgojums.<\/p>\n\n\n\n<h1 class=\"wp-block-heading\">Klienditeenindaja (Magistrali keskus, Tallinn)<\/h1>\n\n\n\n<p>Otsime klienditeenindajat meie peatselt avatavasse Magistrali keskuse kauplusse. <\/p>\n\n\n\n<p>\u2013 T\u00f6\u00f6aeg graafiku alusel.<\/p>\n\n\n\n<p>\u2013 Iesp\u0113ja str\u0101d\u0101t nepilnu vai pilnu slodzi. (0,8\u20131,0)<\/p>\n\n\n\n<p>\u2013 Iek\u0161\u0113jie atvieglojumi un att\u012bst\u012bbas iesp\u0113jas.<\/p>\n\n\n\n<p>\u2013 Tunnit\u00f6\u00f6tasu alates 6,50\u20ac bruto, millele lisanduvad boonused.<\/p>\n\n\n\n<p>Pieteik\u0161an\u0101s nol\u016bkos nos\u016btiet motiv\u0101cijas v\u0113stuli un CV uz e-pastu personal@sumena.ee<\/p>\n\n\n\n<p class=\"has-text-align-left\">&nbsp;<\/p>","protected":false},"excerpt":{"rendered":"<p>Oled hakkamist t\u00e4is? Soovid areneda? Tule liitu Sumena meeskonnaga ja aita meil v\u00e4hendada toiduraiskamist Eestis! Mida me pakume? Kogenud tiimi, kes on Sulle igal sammul toeks, paindlikku t\u00f6\u00f6aega, \u00f5hukest organisatsiooni ja motiveerivat t\u00f6\u00f6tasu. Klienditeenindaja (Magistrali keskus, Tallinn) Otsime klienditeenindajat meie peatselt avatavasse Magistrali keskuse kauplusse. \u2013 T\u00f6\u00f6aeg graafiku alusel. \u2013 V\u00f5imalus t\u00f6\u00f6tada osalise v\u00f5i t\u00e4ist\u00f6\u00f6ajaga. [&hellip;]<\/p>","protected":false},"author":5,"featured_media":0,"parent":0,"menu_order":0,"comment_status":"closed","ping_status":"closed","template":"templates\/article.php","meta":{"_acf_changed":false,"footnotes":""},"class_list":["post-290205","page","type-page","status-publish","hentry"],"acf":[],"_links":{"self":[{"href":"https:\/\/vbd.dev.sumena.ee\/lv\/wp-json\/wp\/v2\/pages\/290205","targetHints":{"allow":["GET"]}}],"collection":[{"href":"https:\/\/vbd.dev.sumena.ee\/lv\/wp-json\/wp\/v2\/pages"}],"about":[{"href":"https:\/\/vbd.dev.sumena.ee\/lv\/wp-json\/wp\/v2\/types\/page"}],"author":[{"embeddable":true,"href":"https:\/\/vbd.dev.sumena.ee\/lv\/wp-json\/wp\/v2\/users\/5"}],"replies":[{"embeddable":true,"href":"https:\/\/vbd.dev.sumena.ee\/lv\/wp-json\/wp\/v2\/comments?post=290205"}],"version-history":[{"count":5,"href":"https:\/\/vbd.dev.sumena.ee\/lv\/wp-json\/wp\/v2\/pages\/290205\/revisions"}],"predecessor-version":[{"id":342397,"href":"https:\/\/vbd.dev.sumena.ee\/lv\/wp-json\/wp\/v2\/pages\/290205\/revisions\/342397"}],"wp:attachment":[{"href":"https:\/\/vbd.dev.sumena.ee\/lv\/wp-json\/wp\/v2\/media?parent=290205"}],"curies":[{"name":"wp","href":"https:\/\/api.w.org\/{rel}","templated":true}]}}