{"id":362059,"date":"2026-02-04T11:16:57","date_gmt":"2026-02-04T08:16:57","guid":{"rendered":"https:\/\/vbd.dev.sumena.ee\/?post_type=product&#038;p=362059"},"modified":"2026-02-10T17:04:59","modified_gmt":"2026-02-10T14:04:59","slug":"kindad-kummist-vileda-multisensitive-s-m-40tk","status":"publish","type":"product","link":"https:\/\/vbd.dev.sumena.ee\/en\/product-2\/kindad-kummist-vileda-multisensitive-s-m-40tk\/","title":{"rendered":"Kindad kummist Vileda multisensitive S\/M 40tk"},"content":{"rendered":"<div id=\"col-1421135705\" class=\"col medium-9 small-12 large-9\">\n<div class=\"col-inner\">\n<h3>Nitriilkindad Vileda Multisensitive S\/M 40tk\/pk<\/h3>\n<p>\u00dchekordsed 100% nitriilkindad, lateksi ja puudrivabad \u2013 ei tekita allergiat. Sobivad suurep\u00e4raselt toiduvalmistamiseks.<br \/>\nS\u00f5rmeotstes eriline tekstuur, mis tagab parema haaratavuse nii niisketes kui kuivades oludes. \u00dcks kinnas sobib nii vasakule kui paremale k\u00e4ele.<br \/>\nOluline toiduainet\u00f6\u00f6stuses -violetne v\u00e4rvus \u2013 kuna \u00fckski toiduaine pole seda v\u00e4rvi, on kerge m\u00e4rgata kinnaste mittekasutamist.<br \/>\nPika mansetiga, kinnaste \u00fcldpikkus 240 mm.<\/p>\n<\/div>\n<\/div>\n<div id=\"col-1479202648\" class=\"col medium-3 small-12 large-3\">\n<div class=\"col-inner\"><\/div>\n<\/div>","protected":false},"excerpt":{"rendered":"<p>Nitriilkindad Vileda Multisensitive S\/M 40tk\/pk \u00dchekordsed 100% nitriilkindad, lateksi ja puudrivabad \u2013 ei tekita allergiat. Sobivad suurep\u00e4raselt toiduvalmistamiseks. S\u00f5rmeotstes eriline tekstuur, mis tagab parema haaratavuse nii niisketes kui kuivades oludes. \u00dcks kinnas sobib nii vasakule kui paremale k\u00e4ele. Oluline toiduainet\u00f6\u00f6stuses -violetne v\u00e4rvus \u2013 kuna \u00fckski toiduaine pole seda v\u00e4rvi, on kerge m\u00e4rgata kinnaste mittekasutamist. Pika [&hellip;]<\/p>","protected":false},"featured_media":362061,"comment_status":"open","ping_status":"closed","template":"","meta":{"_acf_changed":false},"product_brand":[],"product_cat":[186,185,88],"product_tag":[],"class_list":{"0":"post-362059","1":"product","2":"type-product","3":"status-publish","4":"has-post-thumbnail","6":"product_cat-kodukaubad","7":"product_cat-puhastus-ja-koristusvahendid","8":"product_cat-tarbekaubad-tooted","10":"first","11":"instock","12":"sale","13":"taxable","14":"shipping-taxable","15":"purchasable","16":"product-type-simple"},"supplier_id":null,"supplier_sku":"","barcode":null,"atum_controlled":true,"out_stock_date":null,"out_stock_threshold":null,"inheritable":false,"inbound_stock":0,"stock_on_hold":0,"sold_today":0,"sales_last_days":8,"reserved_stock":0,"customer_returns":0,"warehouse_damage":0,"lost_in_post":0,"other_logs":0,"out_stock_days":0,"lost_sales":0,"has_location":false,"update_date":"2026-02-12T11:24:36","atum_locations":[],"atum_stock_status":"instock","restock_status":false,"low_stock_amount":"","sales_update_date":"2026-02-12T11:24:27","calc_backorders":null,"acf":[],"_links":{"self":[{"href":"https:\/\/vbd.dev.sumena.ee\/en\/wp-json\/wp\/v2\/product\/362059","targetHints":{"allow":["GET"]}}],"collection":[{"href":"https:\/\/vbd.dev.sumena.ee\/en\/wp-json\/wp\/v2\/product"}],"about":[{"href":"https:\/\/vbd.dev.sumena.ee\/en\/wp-json\/wp\/v2\/types\/product"}],"replies":[{"embeddable":true,"href":"https:\/\/vbd.dev.sumena.ee\/en\/wp-json\/wp\/v2\/comments?post=362059"}],"wp:featuredmedia":[{"embeddable":true,"href":"https:\/\/vbd.dev.sumena.ee\/en\/wp-json\/wp\/v2\/media\/362061"}],"wp:attachment":[{"href":"https:\/\/vbd.dev.sumena.ee\/en\/wp-json\/wp\/v2\/media?parent=362059"}],"wp:term":[{"taxonomy":"product_brand","embeddable":true,"href":"https:\/\/vbd.dev.sumena.ee\/en\/wp-json\/wp\/v2\/product_brand?post=362059"},{"taxonomy":"product_cat","embeddable":true,"href":"https:\/\/vbd.dev.sumena.ee\/en\/wp-json\/wp\/v2\/product_cat?post=362059"},{"taxonomy":"product_tag","embeddable":true,"href":"https:\/\/vbd.dev.sumena.ee\/en\/wp-json\/wp\/v2\/product_tag?post=362059"}],"curies":[{"name":"wp","href":"https:\/\/api.w.org\/{rel}","templated":true}]}}